{"id":1146,"date":"2018-02-05T09:58:39","date_gmt":"2018-02-05T09:58:39","guid":{"rendered":"https:\/\/artantica.hyst.eu\/?page_id=1146"},"modified":"2018-02-09T09:53:58","modified_gmt":"2018-02-09T09:53:58","slug":"festa-delle-farine","status":"publish","type":"page","link":"https:\/\/artantica.hyst.eu\/fr\/festa-delle-farine\/","title":{"rendered":"F\u00eate des Farines"},"content":{"rendered":"<p><\/p>\n<p><img loading=\"lazy\" src=\"\/wp-content\/uploads\/sites\/8\/2018\/02\/cornucopia-205x300.jpg\" alt=\"\" width=\"205\" height=\"300\" class=\"alignleft size-medium wp-image-1166\" \/>Pourquoi le \u00ab\u00a0Festival de la farine\u00a0\u00bb? Pour partager la joie de se nourrir d&rsquo;un aliment dont l&rsquo;histoire parle de sacrifice et d&rsquo;amour. La farine est un signe d&rsquo;abondance, de prosp\u00e9rit\u00e9 et de paix.<br \/>\nDans les temps anciens, les peuples c\u00e9l\u00e9braient le don donn\u00e9 par la terre \u00e0 travers le bl\u00e9.<br \/>\nAvec notre pr\u00e9sence \u00e0 cet \u00e9v\u00e9nement, nous offrons un souhait pour la continuit\u00e9 du travail<br \/>\npour le produit alimentaire de base des hommes, la farine.<br \/>\nLes anciens outils qui ont \u00e9t\u00e9 utilis\u00e9s en t\u00e9moignent, dont nous souhaitons pr\u00e9server la m\u00e9moire avec amour et science.<br \/>\nPartager de la nourriture saine avec les autres, c&rsquo;est  amour; recevoir une nourriture d&rsquo;amour et d&rsquo;\u00e9nergie est le droit de tous, de grandir physiquement et intellectuellement; une nourriture saine ne \u00abpollue\u00bb pas l&rsquo;esprit et un esprit non pollu\u00e9 peut travailler pour le bien.<br \/>\nUne joie d\u00e9j\u00e0 grande qui deviendra totale lorsque les sourires de ceux qui ont particip\u00e9 \u00e0 cette f\u00eate, nous les verrons imprim\u00e9s sur les visages des fr\u00e8res qui demandent de l&rsquo;aide dans un silence digne et assourdissant, que la plupart de l&rsquo;humanit\u00e9 ne  \u00e9coute plus ou ne fait plus entendre.<\/p>\n<ul style=\"clear: both;\">\n<li><a href=\"https:\/\/scienzaper.hyst.eu\/video-dellevento-fest-hyst-festa-delle-farine-hyst-2017\/?lang=it\" rel=\"noopener\" target=\"_blank\">Vid\u00e9o de l\u2019\u00e9v\u00e8nement<\/a><\/li>\n<li><a href=\"https:\/\/bitsoffuture.hyst.eu\/galleria-fotografica-dellevento-fest-hyst-festa-delle-farine-hyst-2017\/\" rel=\"noopener\" target=\"_blank\">Galerie de photos de l\u2019\u00e9v\u00e8nement<\/a><\/li>\n<\/ul>\n<p><\/p>","protected":false},"excerpt":{"rendered":"<p>Pourquoi le \u00ab\u00a0Festival de la farine\u00a0\u00bb? Pour partager la joie de se nourrir d&rsquo;un aliment dont l&rsquo;histoire parle de sacrifice et d&rsquo;amour. La farine est un signe d&rsquo;abondance, de prosp\u00e9rit\u00e9 et de paix. Dans les temps anciens, les peuples c\u00e9l\u00e9braient le don donn\u00e9 par la terre \u00e0 travers le bl\u00e9. Avec notre pr\u00e9sence \u00e0 cet [&hellip;]<\/p>\n","protected":false},"author":80,"featured_media":0,"parent":0,"menu_order":0,"comment_status":"closed","ping_status":"closed","template":"","meta":{"om_disable_all_campaigns":false,"_monsterinsights_skip_tracking":false,"_monsterinsights_sitenote_active":false,"_monsterinsights_sitenote_note":"","_monsterinsights_sitenote_category":0,"ngg_post_thumbnail":0,"spay_email":""},"yoast_head":"<!-- This site is optimized with the Yoast SEO plugin v18.4.1 - https:\/\/yoast.com\/wordpress\/plugins\/seo\/ -->\n<title>F\u00eate des Farines &middot; ArtAntica<\/title>\n<meta name=\"robots\" content=\"index, follow, max-snippet:-1, max-image-preview:large, max-video-preview:-1\" \/>\n<link rel=\"canonical\" href=\"https:\/\/artantica.hyst.eu\/festa-delle-farine\/\" \/>\n<meta property=\"og:locale\" content=\"fr_FR\" \/>\n<meta property=\"og:type\" content=\"article\" \/>\n<meta property=\"og:title\" content=\"[:it]Festa delle Farine[:fr]F\u00eate des Farines[:] &middot; ArtAntica\" \/>\n<meta property=\"og:description\" content=\"Pourquoi le \u00ab\u00a0Festival de la farine\u00a0\u00bb? Pour partager la joie de se nourrir d&rsquo;un aliment dont l&rsquo;histoire parle de sacrifice et d&rsquo;amour. La farine est un signe d&rsquo;abondance, de prosp\u00e9rit\u00e9 et de paix. Dans les temps anciens, les peuples c\u00e9l\u00e9braient le don donn\u00e9 par la terre \u00e0 travers le bl\u00e9. Avec notre pr\u00e9sence \u00e0 cet [&hellip;]\" \/>\n<meta property=\"og:url\" content=\"https:\/\/artantica.hyst.eu\/festa-delle-farine\/\" \/>\n<meta property=\"og:site_name\" content=\"ArtAntica\" \/>\n<meta property=\"article:modified_time\" content=\"2018-02-09T09:53:58+00:00\" \/>\n<meta property=\"og:image\" content=\"https:\/\/artantica.hyst.eu\/wp-content\/uploads\/sites\/8\/2018\/02\/cornucopia-205x300.jpg\" \/>\n<meta name=\"twitter:card\" content=\"summary\" \/>\n<meta name=\"twitter:label1\" content=\"Dur\u00e9e de lecture estim\u00e9e\" \/>\n\t<meta name=\"twitter:data1\" content=\"2 minutes\" \/>\n<script type=\"application\/ld+json\" class=\"yoast-schema-graph\">{\"@context\":\"https:\/\/schema.org\",\"@graph\":[{\"@type\":\"WebSite\",\"@id\":\"https:\/\/artantica.hyst.eu\/fr\/#website\",\"url\":\"https:\/\/artantica.hyst.eu\/fr\/\",\"name\":\"ArtAntica\",\"description\":\"Just another Multisite SxA site\",\"potentialAction\":[{\"@type\":\"SearchAction\",\"target\":{\"@type\":\"EntryPoint\",\"urlTemplate\":\"https:\/\/artantica.hyst.eu\/fr\/?s={search_term_string}\"},\"query-input\":\"required name=search_term_string\"}],\"inLanguage\":\"fr-FR\"},{\"@type\":\"ImageObject\",\"@id\":\"https:\/\/artantica.hyst.eu\/festa-delle-farine\/#primaryimage\",\"inLanguage\":\"fr-FR\",\"url\":\"\/wp-content\/uploads\/sites\/8\/2018\/02\/cornucopia-205x300.jpg\",\"contentUrl\":\"\/wp-content\/uploads\/sites\/8\/2018\/02\/cornucopia-205x300.jpg\"},{\"@type\":\"WebPage\",\"@id\":\"https:\/\/artantica.hyst.eu\/festa-delle-farine\/#webpage\",\"url\":\"https:\/\/artantica.hyst.eu\/festa-delle-farine\/\",\"name\":\"[:it]Festa delle Farine[:fr]F\u00eate des Farines[:] &middot; ArtAntica\",\"isPartOf\":{\"@id\":\"https:\/\/artantica.hyst.eu\/fr\/#website\"},\"primaryImageOfPage\":{\"@id\":\"https:\/\/artantica.hyst.eu\/festa-delle-farine\/#primaryimage\"},\"datePublished\":\"2018-02-05T09:58:39+00:00\",\"dateModified\":\"2018-02-09T09:53:58+00:00\",\"breadcrumb\":{\"@id\":\"https:\/\/artantica.hyst.eu\/festa-delle-farine\/#breadcrumb\"},\"inLanguage\":\"fr-FR\",\"potentialAction\":[{\"@type\":\"ReadAction\",\"target\":[\"https:\/\/artantica.hyst.eu\/festa-delle-farine\/\"]}]},{\"@type\":\"BreadcrumbList\",\"@id\":\"https:\/\/artantica.hyst.eu\/festa-delle-farine\/#breadcrumb\",\"itemListElement\":[{\"@type\":\"ListItem\",\"position\":1,\"name\":\"Home\",\"item\":\"https:\/\/artantica.hyst.eu\/\"},{\"@type\":\"ListItem\",\"position\":2,\"name\":\"Festa delle Farine\"}]}]}<\/script>\n<!-- \/ Yoast SEO plugin. -->","yoast_head_json":{"title":"[:it]Festa delle Farine[:fr]F\u00eate des Farines[:] &middot; ArtAntica","robots":{"index":"index","follow":"follow","max-snippet":"max-snippet:-1","max-image-preview":"max-image-preview:large","max-video-preview":"max-video-preview:-1"},"canonical":"https:\/\/artantica.hyst.eu\/festa-delle-farine\/","og_locale":"fr_FR","og_type":"article","og_title":"[:it]Festa delle Farine[:fr]F\u00eate des Farines[:] &middot; ArtAntica","og_description":"Pourquoi le \u00ab\u00a0Festival de la farine\u00a0\u00bb? Pour partager la joie de se nourrir d&rsquo;un aliment dont l&rsquo;histoire parle de sacrifice et d&rsquo;amour. La farine est un signe d&rsquo;abondance, de prosp\u00e9rit\u00e9 et de paix. Dans les temps anciens, les peuples c\u00e9l\u00e9braient le don donn\u00e9 par la terre \u00e0 travers le bl\u00e9. Avec notre pr\u00e9sence \u00e0 cet [&hellip;]","og_url":"https:\/\/artantica.hyst.eu\/festa-delle-farine\/","og_site_name":"ArtAntica","article_modified_time":"2018-02-09T09:53:58+00:00","og_image":[{"url":"https:\/\/artantica.hyst.eu\/wp-content\/uploads\/sites\/8\/2018\/02\/cornucopia-205x300.jpg"}],"twitter_card":"summary","twitter_misc":{"Dur\u00e9e de lecture estim\u00e9e":"2 minutes"},"schema":{"@context":"https:\/\/schema.org","@graph":[{"@type":"WebSite","@id":"https:\/\/artantica.hyst.eu\/fr\/#website","url":"https:\/\/artantica.hyst.eu\/fr\/","name":"ArtAntica","description":"Just another Multisite SxA site","potentialAction":[{"@type":"SearchAction","target":{"@type":"EntryPoint","urlTemplate":"https:\/\/artantica.hyst.eu\/fr\/?s={search_term_string}"},"query-input":"required name=search_term_string"}],"inLanguage":"fr-FR"},{"@type":"ImageObject","@id":"https:\/\/artantica.hyst.eu\/festa-delle-farine\/#primaryimage","inLanguage":"fr-FR","url":"\/wp-content\/uploads\/sites\/8\/2018\/02\/cornucopia-205x300.jpg","contentUrl":"\/wp-content\/uploads\/sites\/8\/2018\/02\/cornucopia-205x300.jpg"},{"@type":"WebPage","@id":"https:\/\/artantica.hyst.eu\/festa-delle-farine\/#webpage","url":"https:\/\/artantica.hyst.eu\/festa-delle-farine\/","name":"[:it]Festa delle Farine[:fr]F\u00eate des Farines[:] &middot; ArtAntica","isPartOf":{"@id":"https:\/\/artantica.hyst.eu\/fr\/#website"},"primaryImageOfPage":{"@id":"https:\/\/artantica.hyst.eu\/festa-delle-farine\/#primaryimage"},"datePublished":"2018-02-05T09:58:39+00:00","dateModified":"2018-02-09T09:53:58+00:00","breadcrumb":{"@id":"https:\/\/artantica.hyst.eu\/festa-delle-farine\/#breadcrumb"},"inLanguage":"fr-FR","potentialAction":[{"@type":"ReadAction","target":["https:\/\/artantica.hyst.eu\/festa-delle-farine\/"]}]},{"@type":"BreadcrumbList","@id":"https:\/\/artantica.hyst.eu\/festa-delle-farine\/#breadcrumb","itemListElement":[{"@type":"ListItem","position":1,"name":"Home","item":"https:\/\/artantica.hyst.eu\/"},{"@type":"ListItem","position":2,"name":"Festa delle Farine"}]}]}},"_links":{"self":[{"href":"https:\/\/artantica.hyst.eu\/fr\/wp-json\/wp\/v2\/pages\/1146"}],"collection":[{"href":"https:\/\/artantica.hyst.eu\/fr\/wp-json\/wp\/v2\/pages"}],"about":[{"href":"https:\/\/artantica.hyst.eu\/fr\/wp-json\/wp\/v2\/types\/page"}],"author":[{"embeddable":true,"href":"https:\/\/artantica.hyst.eu\/fr\/wp-json\/wp\/v2\/users\/80"}],"replies":[{"embeddable":true,"href":"https:\/\/artantica.hyst.eu\/fr\/wp-json\/wp\/v2\/comments?post=1146"}],"version-history":[{"count":11,"href":"https:\/\/artantica.hyst.eu\/fr\/wp-json\/wp\/v2\/pages\/1146\/revisions"}],"predecessor-version":[{"id":1178,"href":"https:\/\/artantica.hyst.eu\/fr\/wp-json\/wp\/v2\/pages\/1146\/revisions\/1178"}],"wp:attachment":[{"href":"https:\/\/artantica.hyst.eu\/fr\/wp-json\/wp\/v2\/media?parent=1146"}],"curies":[{"name":"wp","href":"https:\/\/api.w.org\/{rel}","templated":true}]}}